{"id":523,"date":"2018-04-09T07:02:27","date_gmt":"2018-04-09T07:02:27","guid":{"rendered":"http:\/\/localhost\/martiassociats_2\/?page_id=523"},"modified":"2018-05-07T10:33:28","modified_gmt":"2018-05-07T10:33:28","slug":"filosofia","status":"publish","type":"page","link":"https:\/\/martilawyers.com\/ca\/filosofia\/","title":{"rendered":"Filosofia"},"content":{"rendered":"<p><strong>L&#8217;efic\u00e0cia <\/strong>l&#8217;aporten els professionals que formen el nostre equip. Ens interessa l&#8217;excel\u00b7l\u00e8ncia en el treball i que el client entengui b\u00e9 des del punt de vista jur\u00eddic el risc, l\u2019oportunitat o el problema a que s&#8217;enfronta, per implicar-lo en la nostra estrat\u00e8gia i afavorir la millor presa de decisions.<\/p>\n<p><strong>La confian\u00e7a<\/strong> ens l&#8217;atorguen cada dia els nostres clients i \u00e9s la nostra major motivaci\u00f3. Quan un client ens encarrega un assumpte sap que est\u00e0 a les nostres mans i que lluitarem i el defensarem amb professionalitat, responsabilitat, creativitat, amb total entrega i passi\u00f3 per garantir l&#8217;\u00e8xit i bons resultats a qui ha confiat en nosaltres.<\/p>\n<p><strong>El nostre comprom\u00eds<\/strong> amb el client \u00e9s total. En el nostre despatx el client \u00e9s el nucli sobre el qual gira la nostra activitat. Els problemes dels nostres clients s\u00f3n els nostres problemes, les preocupacions dels nostres clients s\u00f3n les nostres. Els seus \u00e8xits s\u00f3n els nostres.<\/p>\n<p><strong>Els nostres serveis <\/strong>s\u00f3n totalment individualitzats i personalitzats per a cada client. Som proactius, poliglotes, professionals alta i permanentment formats i multidisciplinaris, creatius, innovadors, r\u00e0pids i accessibles.<\/p>\n<p><strong>La nostra disponibilitat<\/strong> \u00e9s absoluta i donem resposta a e-mails i trucades amb celeritat, garantint l&#8217;acc\u00e9s directe i immediat del client als socis i a tots els altres professionals especialistes del despatx.<\/p>\n","protected":false},"excerpt":{"rendered":"<p>L&#8217;efic\u00e0cia l&#8217;aporten els professionals que formen el nostre equip. Ens interessa l&#8217;excel\u00b7l\u00e8ncia en el treball i que el client entengui b\u00e9 des del punt de vista jur\u00eddic el risc, l\u2019oportunitat o el problema a que s&#8217;enfronta, per implicar-lo en la nostra estrat\u00e8gia i afavorir la millor presa de decisions. La confian\u00e7a ens l&#8217;atorguen cada dia [&hellip;]<\/p>\n","protected":false},"author":1,"featured_media":330,"parent":0,"menu_order":0,"comment_status":"closed","ping_status":"closed","template":"","meta":{"footnotes":""},"class_list":["post-523","page","type-page","status-publish","has-post-thumbnail","hentry"],"_links":{"self":[{"href":"https:\/\/martilawyers.com\/ca\/wp-json\/wp\/v2\/pages\/523","targetHints":{"allow":["GET"]}}],"collection":[{"href":"https:\/\/martilawyers.com\/ca\/wp-json\/wp\/v2\/pages"}],"about":[{"href":"https:\/\/martilawyers.com\/ca\/wp-json\/wp\/v2\/types\/page"}],"author":[{"embeddable":true,"href":"https:\/\/martilawyers.com\/ca\/wp-json\/wp\/v2\/users\/1"}],"replies":[{"embeddable":true,"href":"https:\/\/martilawyers.com\/ca\/wp-json\/wp\/v2\/comments?post=523"}],"version-history":[{"count":0,"href":"https:\/\/martilawyers.com\/ca\/wp-json\/wp\/v2\/pages\/523\/revisions"}],"wp:featuredmedia":[{"embeddable":true,"href":"https:\/\/martilawyers.com\/ca\/wp-json\/wp\/v2\/media\/330"}],"wp:attachment":[{"href":"https:\/\/martilawyers.com\/ca\/wp-json\/wp\/v2\/media?parent=523"}],"curies":[{"name":"wp","href":"https:\/\/api.w.org\/{rel}","templated":true}]}}